{"id":130,"date":"2023-08-27T14:20:50","date_gmt":"2023-08-27T06:20:50","guid":{"rendered":"https:\/\/www.lxelectriccars.com\/?page_id=130"},"modified":"2023-08-27T18:20:50","modified_gmt":"2023-08-27T10:20:50","slug":"about","status":"publish","type":"page","link":"https:\/\/www.lxelectriccars.com\/cs\/","title":{"rendered":"o"},"content":{"rendered":"<p><img loading=\"lazy\" decoding=\"async\" class=\"size-full wp-image-138 aligncenter\" src=\"http:\/\/www.lxelectriccars.com\/wp-content\/uploads\/2023\/08\/banner-of-electric-cars.jpg\" alt=\"prapor elektromobil\u016f\" width=\"800\" height=\"534\" srcset=\"https:\/\/www.lxelectriccars.com\/wp-content\/uploads\/2023\/08\/banner-of-electric-cars.jpg 800w, https:\/\/www.lxelectriccars.com\/wp-content\/uploads\/2023\/08\/banner-of-electric-cars-300x200.jpg 300w, https:\/\/www.lxelectriccars.com\/wp-content\/uploads\/2023\/08\/banner-of-electric-cars-768x513.jpg 768w\" sizes=\"auto, (max-width: 800px) 100vw, 800px\" \/><\/p>\n<p>jsme pr\u016fkopn\u00edkem v oblasti elektromobil\u016f a sv\u00fdmi pr\u016fkopnick\u00fdmi elektromobily nov\u011b definujeme automobilovou technologii. S pevnou v\u00edrou v udr\u017eitelnost a inovace jsme hnac\u00ed silou transformace sm\u011brem k ekologi\u010dt\u011bj\u0161\u00ed budoucnosti.<\/p>\n<h3>Na\u0161e vize<\/h3>\n<p>Na\u0161\u00ed viz\u00ed je naru\u0161it tradi\u010dn\u00ed dopravn\u00ed pr\u016fmysl zaveden\u00edm cenov\u011b dostupn\u00fdch a vysoce kvalitn\u00edch elektrick\u00fdch vozidel. P\u0159edstavujeme si sv\u011bt, kde doprava ji\u017e nebude p\u0159isp\u00edvat ke zhor\u0161ov\u00e1n\u00ed \u017eivotn\u00edho prost\u0159ed\u00ed, ale bude jeho \u0159e\u0161en\u00edm.<\/p>\n<h3>Na\u0161e nab\u00eddka<\/h3>\n<p>Na\u0161e nab\u00eddka je rozmanit\u00e1, od kompaktn\u00edch voz\u016f pro ka\u017edodenn\u00ed pou\u017eit\u00ed a\u017e po u\u017eitkov\u00e9 vozy pro firmy. Ka\u017ed\u00fd z na\u0161ich voz\u016f je d\u016fkazem na\u0161eho z\u00e1vazku ke kvalit\u011b, inovac\u00edm a udr\u017eitelnosti.Na\u0161e elektromobily nab\u00edzej\u00ed oproti tradi\u010dn\u00edm voz\u016fm \u0159adu v\u00fdhod, v\u010detn\u011b ni\u017e\u0161\u00edch n\u00e1klad\u016f na provoz a \u00fadr\u017ebu, nulov\u00fdch emis\u00ed a ti\u0161\u0161\u00edho a plynulej\u0161\u00edho chodu.<\/p>\n<h3>Na\u0161e inovace<\/h3>\n<p>Neust\u00e1le posouv\u00e1me hranice mo\u017enost\u00ed v oblasti technologie elektromobil\u016f. Na\u0161e t\u00fdmy aktivn\u011b pracuj\u00ed na pokroc\u00edch v oblasti v\u00fddr\u017ee bateri\u00ed, rychlosti nab\u00edjen\u00ed a mo\u017enost\u00ed autonomn\u00edho \u0159\u00edzen\u00ed.<\/p>\n<h3>Rozvoj infrastruktury<\/h3>\n<p>Proto\u017ee si uv\u011bdomujeme pot\u0159ebu podp\u016frn\u00e9 infrastruktury, investujeme do rozvoje dob\u00edjec\u00edch stanic pro elektromobily po cel\u00e9 zemi. Na\u0161\u00edm c\u00edlem je zajistit, aby vlastnictv\u00ed a provoz elektromobil\u016f byly stejn\u011b pohodln\u00e9 jako u b\u011b\u017en\u00fdch voz\u016f.<\/p>\n<h3>Uzn\u00e1n\u00ed<\/h3>\n<p>Na\u0161e \u00fasil\u00ed nez\u016fstalo bez pov\u0161imnut\u00ed. Za na\u0161e inovativn\u00ed n\u00e1vrhy a \u0161pi\u010dkov\u00e9 technologie jsme obdr\u017eeli ocen\u011bn\u00ed od oborov\u00fdch organizac\u00ed.<\/p>\n<h3>Budoucnost<\/h3>\n<p>T\u011b\u0161\u00edme se na budoucnost. Vzhledem k tomu, \u017ee pokra\u010dujeme v inovac\u00edch a r\u016fstu, v\u011b\u0159\u00edme, \u017ee \u0161irok\u00e9 roz\u0161\u00ed\u0159en\u00ed elektromobil\u016f je nejen mo\u017en\u00e9, ale i nevyhnuteln\u00e9.Na z\u00e1v\u011br bychom cht\u011bli \u0159\u00edci, \u017ee jsme v\u00edce ne\u017e jen automobilov\u00e1 spole\u010dnost. Jsme t\u00fdm vizion\u00e1\u0159\u016f, inov\u00e1tor\u016f a ochr\u00e1nc\u016f \u017eivotn\u00edho prost\u0159ed\u00ed, kte\u0159\u00ed se v\u011bnuj\u00ed vytv\u00e1\u0159en\u00ed udr\u017eiteln\u00e9 budoucnosti. p\u0159i pohledu do budoucnosti jsme odhodl\u00e1ni pokra\u010dovat v na\u0161em posl\u00e1n\u00ed transformovat dopravu. Jsme nad\u0161eni mo\u017enostmi, kter\u00e9 nab\u00edz\u00ed pokrok v oblasti bateriov\u00fdch technologi\u00ed, autonomn\u00edho \u0159\u00edzen\u00ed a obnoviteln\u00fdch zdroj\u016f energie, nab\u00edjec\u00edch stanic pro elektromobily,a jsme odhodl\u00e1ni za\u010dlenit tento v\u00fdvoj do na\u0161ich budouc\u00edch model\u016f. Na\u0161\u00edm c\u00edlem nen\u00ed pouze vyr\u00e1b\u011bt elektromobily, ale vytvo\u0159it udr\u017eiteln\u00fd dopravn\u00ed ekosyst\u00e9m, kter\u00fd bude p\u0159\u00ednosem pro v\u0161echny.<\/p>","protected":false},"excerpt":{"rendered":"<p>jsme pr\u016fkopn\u00edkem v oblasti elektromobil\u016f a sv\u00fdmi pr\u016fkopnick\u00fdmi elektromobily nov\u011b definujeme automobilovou technologii. S pevnou v\u00edrou v udr\u017eitelnost a inovace jsme hnac\u00ed silou transformace sm\u011brem k ekologi\u010dt\u011bj\u0161\u00ed budoucnosti. Na\u0161e vize Na\u0161\u00ed viz\u00ed je naru\u0161it konven\u010dn\u00ed dopravn\u00ed pr\u016fmysl zaveden\u00edm cenov\u011b dostupn\u00fdch a vysoce kvalitn\u00edch elektromobil\u016f. P\u0159edstavujeme si...&nbsp;<a href=\"https:\/\/www.lxelectriccars.com\/cs\/\" class=\"\" rel=\"bookmark\">\u010c\u00edst d\u00e1le \u00bb<span class=\"screen-reader-text\">o<\/span><\/a><\/p>","protected":false},"author":1,"featured_media":0,"parent":0,"menu_order":0,"comment_status":"closed","ping_status":"closed","template":"","meta":{"_seopress_robots_primary_cat":"","neve_meta_sidebar":"","neve_meta_container":"","neve_meta_enable_content_width":"off","neve_meta_content_width":100,"neve_meta_title_alignment":"","neve_meta_author_avatar":"","neve_post_elements_order":"","neve_meta_disable_header":"","neve_meta_disable_footer":"","neve_meta_disable_title":"","ngg_post_thumbnail":0,"footnotes":""},"class_list":["post-130","page","type-page","status-publish","hentry"],"_links":{"self":[{"href":"https:\/\/www.lxelectriccars.com\/cs\/wp-json\/wp\/v2\/pages\/130","targetHints":{"allow":["GET"]}}],"collection":[{"href":"https:\/\/www.lxelectriccars.com\/cs\/wp-json\/wp\/v2\/pages"}],"about":[{"href":"https:\/\/www.lxelectriccars.com\/cs\/wp-json\/wp\/v2\/types\/page"}],"author":[{"embeddable":true,"href":"https:\/\/www.lxelectriccars.com\/cs\/wp-json\/wp\/v2\/users\/1"}],"replies":[{"embeddable":true,"href":"https:\/\/www.lxelectriccars.com\/cs\/wp-json\/wp\/v2\/comments?post=130"}],"version-history":[{"count":8,"href":"https:\/\/www.lxelectriccars.com\/cs\/wp-json\/wp\/v2\/pages\/130\/revisions"}],"predecessor-version":[{"id":208,"href":"https:\/\/www.lxelectriccars.com\/cs\/wp-json\/wp\/v2\/pages\/130\/revisions\/208"}],"wp:attachment":[{"href":"https:\/\/www.lxelectriccars.com\/cs\/wp-json\/wp\/v2\/media?parent=130"}],"curies":[{"name":"wp","href":"https:\/\/api.w.org\/{rel}","templated":true}]}}