{"id":130,"date":"2023-08-27T14:20:50","date_gmt":"2023-08-27T06:20:50","guid":{"rendered":"https:\/\/www.lxelectriccars.com\/?page_id=130"},"modified":"2023-08-27T18:20:50","modified_gmt":"2023-08-27T10:20:50","slug":"about","status":"publish","type":"page","link":"https:\/\/www.lxelectriccars.com\/hu\/","title":{"rendered":"a  honlapr\u00f3l"},"content":{"rendered":"<p><img loading=\"lazy\" decoding=\"async\" class=\"size-full wp-image-138 aligncenter\" src=\"http:\/\/www.lxelectriccars.com\/wp-content\/uploads\/2023\/08\/banner-of-electric-cars.jpg\" alt=\"az elektromos aut\u00f3k z\u00e1szlaja\" width=\"800\" height=\"534\" srcset=\"https:\/\/www.lxelectriccars.com\/wp-content\/uploads\/2023\/08\/banner-of-electric-cars.jpg 800w, https:\/\/www.lxelectriccars.com\/wp-content\/uploads\/2023\/08\/banner-of-electric-cars-300x200.jpg 300w, https:\/\/www.lxelectriccars.com\/wp-content\/uploads\/2023\/08\/banner-of-electric-cars-768x513.jpg 768w\" sizes=\"auto, (max-width: 800px) 100vw, 800px\" \/><\/p>\n<p>\u00fatt\u00f6r\u0151 szerepet t\u00f6lt be az elektromos aut\u00f3k ipar\u00e1g\u00e1ban, \u00fatt\u00f6r\u0151 elektromos aut\u00f3ival \u00fajradefini\u00e1lja az aut\u00f3technol\u00f3gi\u00e1t. A fenntarthat\u00f3s\u00e1gba \u00e9s az innov\u00e1ci\u00f3ba vetett szil\u00e1rd meggy\u0151z\u0151d\u00e9s\u00fcnkkel egy z\u00f6ldebb j\u00f6v\u0151 fel\u00e9 vezet\u0151 \u00e1talakul\u00e1st hajtunk v\u00e9gre.<\/p>\n<h3>V\u00edzi\u00f3nk<\/h3>\n<p>V\u00edzi\u00f3nk az, hogy a megfizethet\u0151, kiv\u00e1l\u00f3 min\u0151s\u00e9g\u0171 elektromos j\u00e1rm\u0171vek bevezet\u00e9s\u00e9vel felforgassuk a hagyom\u00e1nyos k\u00f6zleked\u00e9si ipar\u00e1gat. Egy olyan vil\u00e1got k\u00e9pzel\u00fcnk el, ahol a k\u00f6zleked\u00e9s t\u00f6bb\u00e9 nem a k\u00f6rnyezetszennyez\u00e9s egyik okoz\u00f3ja, hanem megold\u00e1sa.<\/p>\n<h3>Aj\u00e1nlatunk<\/h3>\n<p>Term\u00e9kk\u00edn\u00e1latunk v\u00e1ltozatos, a mindennapi haszn\u00e1latra sz\u00e1nt kisaut\u00f3kt\u00f3l a v\u00e1llalkoz\u00e1soknak sz\u00e1nt haszong\u00e9pj\u00e1rm\u0171vekig terjed. Minden egyes aut\u00f3nk a min\u0151s\u00e9g, az innov\u00e1ci\u00f3 \u00e9s a fenntarthat\u00f3s\u00e1g ir\u00e1nti elk\u00f6telezetts\u00e9g\u00fcnk bizony\u00edt\u00e9ka.Elektromos aut\u00f3ink sz\u00e1mos el\u0151nyt k\u00edn\u00e1lnak a hagyom\u00e1nyos j\u00e1rm\u0171vekkel szemben, t\u00f6bbek k\u00f6z\u00f6tt alacsonyabb \u00fczemeltet\u00e9si \u00e9s karbantart\u00e1si k\u00f6lts\u00e9geket, nulla k\u00e1rosanyag-kibocs\u00e1t\u00e1st, valamint csendesebb \u00e9s sim\u00e1bb vezet\u00e9si \u00e9lm\u00e9nyt.<\/p>\n<h3>Innov\u00e1ci\u00f3ink<\/h3>\n<p>Folyamatosan feszegetj\u00fck az elektromos aut\u00f3k technol\u00f3gi\u00e1j\u00e1nak hat\u00e1rait. Csapataink akt\u00edvan dolgoznak az akkumul\u00e1torok \u00e9lettartam\u00e1nak, a t\u00f6lt\u00e9si sebess\u00e9gnek \u00e9s az auton\u00f3m vezet\u00e9si k\u00e9pess\u00e9geknek a fejleszt\u00e9s\u00e9n.<\/p>\n<h3>Infrastrukt\u00farafejleszt\u00e9s<\/h3>\n<p>Felismerve a t\u00e1mogat\u00f3 infrastrukt\u00fara sz\u00fcks\u00e9gess\u00e9g\u00e9t, orsz\u00e1gszerte befektet\u00fcnk az elektromos aut\u00f3k t\u00f6lt\u0151\u00e1llom\u00e1sainak fejleszt\u00e9s\u00e9be. C\u00e9lunk, hogy az elektromos aut\u00f3k birtokl\u00e1sa \u00e9s \u00fczemeltet\u00e9se ugyanolyan k\u00e9nyelmes legyen, mint a hagyom\u00e1nyos aut\u00f3k\u00e9.<\/p>\n<h3>Elismer\u00e9s<\/h3>\n<p>Er\u0151fesz\u00edt\u00e9seink nem maradtak \u00e9szrev\u00e9tlenek. Innovat\u00edv formatervez\u00e9s\u00fcnk\u00e9rt \u00e9s cs\u00facstechnol\u00f3gi\u00e1nk\u00e9rt elismer\u00e9seket kaptunk az ipar\u00e1gi szervezetekt\u0151l.<\/p>\n<h3>A j\u00f6v\u0151<\/h3>\n<p>Izgatottan v\u00e1rjuk a j\u00f6v\u0151t. Az innov\u00e1ci\u00f3 \u00e9s a n\u00f6veked\u00e9s folytat\u00e1s\u00e1val hisz\u00fcnk abban, hogy az elektromos aut\u00f3k sz\u00e9les k\u00f6r\u0171 elterjed\u00e9se nem csak lehets\u00e9ges, hanem elker\u00fclhetetlen is.\u00d6sszefoglalva, mi t\u00f6bb vagyunk, mint egy aut\u00f3gy\u00e1rt\u00f3 v\u00e1llalat. L\u00e1tnokok, innov\u00e1torok \u00e9s k\u00f6rnyezetv\u00e9d\u0151k csapata vagyunk, akik elk\u00f6telezettek a fenntarthat\u00f3 j\u00f6v\u0151 megteremt\u00e9se ir\u00e1nt. a j\u00f6v\u0151be tekintve elk\u00f6telezettek vagyunk, hogy folytassuk k\u00fcldet\u00e9s\u00fcnket a k\u00f6zleked\u00e9s \u00e1talak\u00edt\u00e1s\u00e1ban. Izgatottak vagyunk az akkumul\u00e1tor-technol\u00f3gia, az auton\u00f3m vezet\u00e9s \u00e9s a meg\u00fajul\u00f3 energiaforr\u00e1sok, az elektromos aut\u00f3k t\u00f6lt\u0151\u00e1llom\u00e1sai \u00e1ltal k\u00edn\u00e1lt lehet\u0151s\u00e9gek miatt, \u00e9s elk\u00f6telezettek vagyunk amellett, hogy ezeket a fejleszt\u00e9seket be\u00e9p\u00edts\u00fck j\u00f6v\u0151beli modelljeinkbe. C\u00e9lunk nem csup\u00e1n az elektromos aut\u00f3k gy\u00e1rt\u00e1sa, hanem egy fenntarthat\u00f3 k\u00f6zleked\u00e9si \u00f6kosziszt\u00e9ma l\u00e9trehoz\u00e1sa, amely mindenki sz\u00e1m\u00e1ra el\u0151ny\u00f6s.<\/p>","protected":false},"excerpt":{"rendered":"<p>we are a pioneer in the electric cars industry, is redefining automobile technology with its ground-breaking electric cars. With a firm belief in sustainability and innovation, we are driving the transformation towards a greener future. Our Vision Our vision is to disrupt the conventional transportation industry by introducing affordable, high-quality electric vehicles. We envision a&hellip;&nbsp;<a href=\"https:\/\/www.lxelectriccars.com\/hu\/\" class=\"\" rel=\"bookmark\">Read More &raquo;<span class=\"screen-reader-text\">a  honlapr\u00f3l<\/span><\/a><\/p>","protected":false},"author":1,"featured_media":0,"parent":0,"menu_order":0,"comment_status":"closed","ping_status":"closed","template":"","meta":{"_seopress_robots_primary_cat":"","neve_meta_sidebar":"","neve_meta_container":"","neve_meta_enable_content_width":"off","neve_meta_content_width":100,"neve_meta_title_alignment":"","neve_meta_author_avatar":"","neve_post_elements_order":"","neve_meta_disable_header":"","neve_meta_disable_footer":"","neve_meta_disable_title":"","ngg_post_thumbnail":0,"footnotes":""},"class_list":["post-130","page","type-page","status-publish","hentry"],"_links":{"self":[{"href":"https:\/\/www.lxelectriccars.com\/hu\/wp-json\/wp\/v2\/pages\/130","targetHints":{"allow":["GET"]}}],"collection":[{"href":"https:\/\/www.lxelectriccars.com\/hu\/wp-json\/wp\/v2\/pages"}],"about":[{"href":"https:\/\/www.lxelectriccars.com\/hu\/wp-json\/wp\/v2\/types\/page"}],"author":[{"embeddable":true,"href":"https:\/\/www.lxelectriccars.com\/hu\/wp-json\/wp\/v2\/users\/1"}],"replies":[{"embeddable":true,"href":"https:\/\/www.lxelectriccars.com\/hu\/wp-json\/wp\/v2\/comments?post=130"}],"version-history":[{"count":8,"href":"https:\/\/www.lxelectriccars.com\/hu\/wp-json\/wp\/v2\/pages\/130\/revisions"}],"predecessor-version":[{"id":208,"href":"https:\/\/www.lxelectriccars.com\/hu\/wp-json\/wp\/v2\/pages\/130\/revisions\/208"}],"wp:attachment":[{"href":"https:\/\/www.lxelectriccars.com\/hu\/wp-json\/wp\/v2\/media?parent=130"}],"curies":[{"name":"wp","href":"https:\/\/api.w.org\/{rel}","templated":true}]}}